{"version":"1.0","provider_name":"Facultad de Arquitectura,  Dise\u00f1o y Estudios Urbanos ","provider_url":"https:\/\/fadeu.urantiacos.cl\/en\/","author_name":"manadmin","author_url":"https:\/\/fadeu.urantiacos.cl\/en\/author\/manadmin\/","title":"Rodrigo Ram\u00edrez embajador UC para la acci\u00f3n clim\u00e1tica - Facultad de Arquitectura, Dise\u00f1o y Estudios Urbanos","type":"rich","width":600,"height":338,"html":"<blockquote class=\"wp-embedded-content\" data-secret=\"Va3l6T0z8Q\"><a href=\"https:\/\/fadeu.urantiacos.cl\/en\/2021\/08\/16\/rodrigo-ramirez-embajador-uc-para-la-accion-climatica\/\">Rodrigo Ram\u00edrez embajador UC para la acci\u00f3n clim\u00e1tica<\/a><\/blockquote><iframe sandbox=\"allow-scripts\" security=\"restricted\" src=\"https:\/\/fadeu.urantiacos.cl\/en\/2021\/08\/16\/rodrigo-ramirez-embajador-uc-para-la-accion-climatica\/embed\/#?secret=Va3l6T0z8Q\" width=\"600\" height=\"338\" title=\"&#8220;Rodrigo Ram\u00edrez embajador UC para la acci\u00f3n clim\u00e1tica&#8221; &#8212; Facultad de Arquitectura,  Dise\u00f1o y Estudios Urbanos \" data-secret=\"Va3l6T0z8Q\" frameborder=\"0\" marginwidth=\"0\" marginheight=\"0\" scrolling=\"no\" class=\"wp-embedded-content\"><\/iframe><script type=\"text\/javascript\">\n\/* <![CDATA[ *\/\n\/*! This file is auto-generated *\/\n!function(d,l){\"use strict\";l.querySelector&&d.addEventListener&&\"undefined\"!=typeof URL&&(d.wp=d.wp||{},d.wp.receiveEmbedMessage||(d.wp.receiveEmbedMessage=function(e){var t=e.data;if((t||t.secret||t.message||t.value)&&!\/[^a-zA-Z0-9]\/.test(t.secret)){for(var s,r,n,a=l.querySelectorAll('iframe[data-secret=\"'+t.secret+'\"]'),o=l.querySelectorAll('blockquote[data-secret=\"'+t.secret+'\"]'),c=new RegExp(\"^https?:$\",\"i\"),i=0;i<o.length;i++)o[i].style.display=\"none\";for(i=0;i<a.length;i++)s=a[i],e.source===s.contentWindow&&(s.removeAttribute(\"style\"),\"height\"===t.message?(1e3<(r=parseInt(t.value,10))?r=1e3:~~r<200&&(r=200),s.height=r):\"link\"===t.message&&(r=new URL(s.getAttribute(\"src\")),n=new URL(t.value),c.test(n.protocol))&&n.host===r.host&&l.activeElement===s&&(d.top.location.href=t.value))}},d.addEventListener(\"message\",d.wp.receiveEmbedMessage,!1),l.addEventListener(\"DOMContentLoaded\",function(){for(var e,t,s=l.querySelectorAll(\"iframe.wp-embedded-content\"),r=0;r<s.length;r++)(t=(e=s[r]).getAttribute(\"data-secret\"))||(t=Math.random().toString(36).substring(2,12),e.src+=\"#?secret=\"+t,e.setAttribute(\"data-secret\",t)),e.contentWindow.postMessage({message:\"ready\",secret:t},\"*\")},!1)))}(window,document);\n\/\/# sourceURL=https:\/\/fadeu.urantiacos.cl\/wp-includes\/js\/wp-embed.min.js\n\/* ]]> *\/\n<\/script>\n","thumbnail_url":"https:\/\/fadeu.urantiacos.cl\/wp-content\/uploads\/2023\/09\/WEB_Embajadores_por_la_Accion_Climatica_04.jpg","thumbnail_width":350,"thumbnail_height":250,"description":"Rodrigo Ram\u00edrez fue elegido como uno de los Embajadores UC para la Acci\u00f3n Clim\u00e1tica, activaci\u00f3n organizada desde la Direcci\u00f3n de Sustentabilidad con el objeto de crear redes al interior la UC, involucrando a la comunidad con tal de que sean las personas las que impulsen la meta de la carbononeutralidad que se ha propuesto la Universidad de aqu\u00ed al 2030."}